{"id":206,"date":"2019-09-06T10:05:55","date_gmt":"2019-09-06T13:05:55","guid":{"rendered":"https:\/\/rodrigosantosescritor.com.br\/?page_id=206"},"modified":"2025-01-10T18:29:25","modified_gmt":"2025-01-10T21:29:25","slug":"midia","status":"publish","type":"page","link":"https:\/\/rodrigosantosescritor.com.br\/site\/midia\/","title":{"rendered":"Pr\u00eamios e M\u00eddia"},"content":{"rendered":"\n<p><strong>Lan\u00e7amento do Livro Anicejara e o resgate da prisioneira<\/strong><br><em>09 de janeiro de 2024<\/em> <br>Men\u00e7\u00e3o a participa\u00e7\u00e3o de Rodrigo Santos no evento.<br><a href=\"https:\/\/www.diariodesuzano.com.br\/cultura\/sarau-cafe-com-letras-sera-retomado-a-partir-deste-sabado-em-suzano\/61850\/\" target=\"_blank\" rel=\"noreferrer noopener\">Clique aqui para ler a mat\u00e9ria<\/a><\/p>\n\n\n\n<p><strong>Retorno das Atividades do Sarau Caf\u00e9 com Letras<\/strong><br><em>29 de outubro de 2020<\/em> <br>Men\u00e7\u00e3o a participa\u00e7\u00e3o de Rodrigo Santos no evento.<br><a href=\"https:\/\/www.diariodesuzano.com.br\/cidades\/servidor-da-educacao-municipal-lanca-trilogia-inspirada-no-folclore\/82702\/\" target=\"_blank\" rel=\"noreferrer noopener\">Clique aqui para ler a mat\u00e9ria<\/a><\/p>\n\n\n\n<hr class=\"wp-block-separator has-css-opacity is-style-dots\"\/>\n\n\n\n<p><strong>2\u00aa edi\u00e7\u00e3o do Concurso de Contos de Suzano \u2013 \u201cVida Social e Individualidade\u201d<\/strong><br><em>Julho de 2020<\/em><br>2\u00ba lugar com o conto &#8220;A Menina com Olhos de Espelho&#8221;<br><a href=\"https:\/\/oidiario.com.br\/concurso-contos-de-suzano\/\" target=\"_blank\" rel=\"noreferrer noopener\">Mat\u00e9ria de Divulga\u00e7\u00e3o de resultado do concurso<\/a><\/p>\n\n\n\n<hr class=\"wp-block-separator has-css-opacity is-style-dots\"\/>\n\n\n\n<p><strong>Entrevista Programa Momento Compartilha<\/strong><br><em>Junho de 2020<\/em><br>Entrevista para o programa de televis\u00e3o Momento Compartilha com Filipe Almeida, da TV Di\u00e1rio, afiliada da Rede Globo em Mogi das Cruzes<br><a href=\"https:\/\/gshow.globo.com\/TV-Diario\/compartilha\/noticia\/momento-compartilha-leitura-e-escrita-na-quarentena.ghtml\">Clique aqui para acessar a entrevista completa<\/a><\/p>\n\n\n\n<hr class=\"wp-block-separator has-css-opacity is-style-dots\"\/>\n\n\n\n<p><strong>Pr\u00eamio Sr e Sra Cultura &#8211; Edi\u00e7\u00e3o Alto Tiet\u00ea 2019<\/strong><br><em>Novembro de 2019<\/em><br>Ganhador do Pr\u00eamio Sr e Sra Cultura Alto Tiet\u00ea<\/p>\n\n\n\n<hr class=\"wp-block-separator has-css-opacity is-style-dots\"\/>\n\n\n\n<p><strong>Primeiro Concurso Banco de Ideias &#8211; Prefeitura de Suzano<\/strong><br><em>Setembro de 2019<\/em><br>3\u00ba lugar categoria &#8220;Maior Efici\u00eancia Operacional&#8221;<br><a href=\"https:\/\/www.diariodesuzano.com.br\/cidades\/servidores-publicos-de-suzano-sao-premiados-no-concurso-banco-de\/50242\/\" target=\"_blank\" rel=\"noreferrer noopener\" aria-label=\" (abre numa nova aba)\">Mat\u00e9ria em Jornal local sobre premia\u00e7\u00e3o<\/a><\/p>\n\n\n\n<hr class=\"wp-block-separator has-css-opacity is-style-dots\"\/>\n\n\n\n<p><strong>Primeiro Concurso de Microcontos de Natal &#8211; Editora Astarde<\/strong><br><em>Dezembro de 2018<\/em><br>10\u00ba lugar com o microconto &#8220;Realidade&#8221;<br> <a href=\"https:\/\/editoraastarte.com.br\/resultado-1o-concurso-de-microcontos\/\" target=\"_blank\" rel=\"noreferrer noopener\" aria-label=\" (abre numa nova aba)\">P\u00e1gina de Divulga\u00e7\u00e3o do Resultado do Concurso<\/a> <\/p>\n","protected":false},"excerpt":{"rendered":"<p>Lan\u00e7amento do Livro Anicejara e o resgate da prisioneira09 de janeiro de 2024 Men\u00e7\u00e3o a participa\u00e7\u00e3o de Rodrigo Santos no evento.Clique aqui para ler a mat\u00e9ria Retorno das Atividades do Sarau Caf\u00e9 com Letras29 de outubro de 2020 Men\u00e7\u00e3o a participa\u00e7\u00e3o de Rodrigo Santos no evento.Clique aqui para ler a mat\u00e9ria 2\u00aa edi\u00e7\u00e3o do Concurso [&hellip;]<\/p>\n","protected":false},"author":1,"featured_media":0,"parent":0,"menu_order":0,"comment_status":"closed","ping_status":"closed","template":"","meta":{"footnotes":""},"class_list":["post-206","page","type-page","status-publish","hentry"],"yoast_head":"<!-- This site is optimized with the Yoast SEO plugin v27.4 - https:\/\/yoast.com\/product\/yoast-seo-wordpress\/ -->\n<title>Pr\u00eamios e M\u00eddia - Rodrigo Santos Escritor<\/title>\n<meta name=\"robots\" content=\"index, follow, max-snippet:-1, max-image-preview:large, max-video-preview:-1\" \/>\n<link rel=\"canonical\" href=\"https:\/\/rodrigosantosescritor.com.br\/site\/midia\/\" \/>\n<meta property=\"og:locale\" content=\"pt_BR\" \/>\n<meta property=\"og:type\" content=\"article\" \/>\n<meta property=\"og:title\" content=\"Pr\u00eamios e M\u00eddia - Rodrigo Santos Escritor\" \/>\n<meta property=\"og:description\" content=\"Lan\u00e7amento do Livro Anicejara e o resgate da prisioneira09 de janeiro de 2024 Men\u00e7\u00e3o a participa\u00e7\u00e3o de Rodrigo Santos no evento.Clique aqui para ler a mat\u00e9ria Retorno das Atividades do Sarau Caf\u00e9 com Letras29 de outubro de 2020 Men\u00e7\u00e3o a participa\u00e7\u00e3o de Rodrigo Santos no evento.Clique aqui para ler a mat\u00e9ria 2\u00aa edi\u00e7\u00e3o do Concurso [&hellip;]\" \/>\n<meta property=\"og:url\" content=\"https:\/\/rodrigosantosescritor.com.br\/site\/midia\/\" \/>\n<meta property=\"og:site_name\" content=\"Rodrigo Santos Escritor\" \/>\n<meta property=\"article:modified_time\" content=\"2025-01-10T21:29:25+00:00\" \/>\n<meta name=\"twitter:card\" content=\"summary_large_image\" \/>\n<meta name=\"twitter:label1\" content=\"Est. tempo de leitura\" \/>\n\t<meta name=\"twitter:data1\" content=\"2 minutos\" \/>\n<script type=\"application\/ld+json\" class=\"yoast-schema-graph\">{\"@context\":\"https:\\\/\\\/schema.org\",\"@graph\":[{\"@type\":\"WebPage\",\"@id\":\"https:\\\/\\\/rodrigosantosescritor.com.br\\\/site\\\/midia\\\/\",\"url\":\"https:\\\/\\\/rodrigosantosescritor.com.br\\\/site\\\/midia\\\/\",\"name\":\"Pr\u00eamios e M\u00eddia - Rodrigo Santos Escritor\",\"isPartOf\":{\"@id\":\"https:\\\/\\\/rodrigosantosescritor.com.br\\\/site\\\/#website\"},\"datePublished\":\"2019-09-06T13:05:55+00:00\",\"dateModified\":\"2025-01-10T21:29:25+00:00\",\"breadcrumb\":{\"@id\":\"https:\\\/\\\/rodrigosantosescritor.com.br\\\/site\\\/midia\\\/#breadcrumb\"},\"inLanguage\":\"pt-BR\",\"potentialAction\":[{\"@type\":\"ReadAction\",\"target\":[\"https:\\\/\\\/rodrigosantosescritor.com.br\\\/site\\\/midia\\\/\"]}]},{\"@type\":\"BreadcrumbList\",\"@id\":\"https:\\\/\\\/rodrigosantosescritor.com.br\\\/site\\\/midia\\\/#breadcrumb\",\"itemListElement\":[{\"@type\":\"ListItem\",\"position\":1,\"name\":\"In\u00edcio\",\"item\":\"https:\\\/\\\/rodrigosantosescritor.com.br\\\/site\\\/\"},{\"@type\":\"ListItem\",\"position\":2,\"name\":\"Pr\u00eamios e M\u00eddia\"}]},{\"@type\":\"WebSite\",\"@id\":\"https:\\\/\\\/rodrigosantosescritor.com.br\\\/site\\\/#website\",\"url\":\"https:\\\/\\\/rodrigosantosescritor.com.br\\\/site\\\/\",\"name\":\"Rodrigo Santos Escritor\",\"description\":\"Por hist\u00f3rias que mudam o mundo\",\"potentialAction\":[{\"@type\":\"SearchAction\",\"target\":{\"@type\":\"EntryPoint\",\"urlTemplate\":\"https:\\\/\\\/rodrigosantosescritor.com.br\\\/site\\\/?s={search_term_string}\"},\"query-input\":{\"@type\":\"PropertyValueSpecification\",\"valueRequired\":true,\"valueName\":\"search_term_string\"}}],\"inLanguage\":\"pt-BR\"}]}<\/script>\n<!-- \/ Yoast SEO plugin. -->","yoast_head_json":{"title":"Pr\u00eamios e M\u00eddia - Rodrigo Santos Escritor","robots":{"index":"index","follow":"follow","max-snippet":"max-snippet:-1","max-image-preview":"max-image-preview:large","max-video-preview":"max-video-preview:-1"},"canonical":"https:\/\/rodrigosantosescritor.com.br\/site\/midia\/","og_locale":"pt_BR","og_type":"article","og_title":"Pr\u00eamios e M\u00eddia - Rodrigo Santos Escritor","og_description":"Lan\u00e7amento do Livro Anicejara e o resgate da prisioneira09 de janeiro de 2024 Men\u00e7\u00e3o a participa\u00e7\u00e3o de Rodrigo Santos no evento.Clique aqui para ler a mat\u00e9ria Retorno das Atividades do Sarau Caf\u00e9 com Letras29 de outubro de 2020 Men\u00e7\u00e3o a participa\u00e7\u00e3o de Rodrigo Santos no evento.Clique aqui para ler a mat\u00e9ria 2\u00aa edi\u00e7\u00e3o do Concurso [&hellip;]","og_url":"https:\/\/rodrigosantosescritor.com.br\/site\/midia\/","og_site_name":"Rodrigo Santos Escritor","article_modified_time":"2025-01-10T21:29:25+00:00","twitter_card":"summary_large_image","twitter_misc":{"Est. tempo de leitura":"2 minutos"},"schema":{"@context":"https:\/\/schema.org","@graph":[{"@type":"WebPage","@id":"https:\/\/rodrigosantosescritor.com.br\/site\/midia\/","url":"https:\/\/rodrigosantosescritor.com.br\/site\/midia\/","name":"Pr\u00eamios e M\u00eddia - Rodrigo Santos Escritor","isPartOf":{"@id":"https:\/\/rodrigosantosescritor.com.br\/site\/#website"},"datePublished":"2019-09-06T13:05:55+00:00","dateModified":"2025-01-10T21:29:25+00:00","breadcrumb":{"@id":"https:\/\/rodrigosantosescritor.com.br\/site\/midia\/#breadcrumb"},"inLanguage":"pt-BR","potentialAction":[{"@type":"ReadAction","target":["https:\/\/rodrigosantosescritor.com.br\/site\/midia\/"]}]},{"@type":"BreadcrumbList","@id":"https:\/\/rodrigosantosescritor.com.br\/site\/midia\/#breadcrumb","itemListElement":[{"@type":"ListItem","position":1,"name":"In\u00edcio","item":"https:\/\/rodrigosantosescritor.com.br\/site\/"},{"@type":"ListItem","position":2,"name":"Pr\u00eamios e M\u00eddia"}]},{"@type":"WebSite","@id":"https:\/\/rodrigosantosescritor.com.br\/site\/#website","url":"https:\/\/rodrigosantosescritor.com.br\/site\/","name":"Rodrigo Santos Escritor","description":"Por hist\u00f3rias que mudam o mundo","potentialAction":[{"@type":"SearchAction","target":{"@type":"EntryPoint","urlTemplate":"https:\/\/rodrigosantosescritor.com.br\/site\/?s={search_term_string}"},"query-input":{"@type":"PropertyValueSpecification","valueRequired":true,"valueName":"search_term_string"}}],"inLanguage":"pt-BR"}]}},"_links":{"self":[{"href":"https:\/\/rodrigosantosescritor.com.br\/site\/wp-json\/wp\/v2\/pages\/206","targetHints":{"allow":["GET"]}}],"collection":[{"href":"https:\/\/rodrigosantosescritor.com.br\/site\/wp-json\/wp\/v2\/pages"}],"about":[{"href":"https:\/\/rodrigosantosescritor.com.br\/site\/wp-json\/wp\/v2\/types\/page"}],"author":[{"embeddable":true,"href":"https:\/\/rodrigosantosescritor.com.br\/site\/wp-json\/wp\/v2\/users\/1"}],"replies":[{"embeddable":true,"href":"https:\/\/rodrigosantosescritor.com.br\/site\/wp-json\/wp\/v2\/comments?post=206"}],"version-history":[{"count":2,"href":"https:\/\/rodrigosantosescritor.com.br\/site\/wp-json\/wp\/v2\/pages\/206\/revisions"}],"predecessor-version":[{"id":1479,"href":"https:\/\/rodrigosantosescritor.com.br\/site\/wp-json\/wp\/v2\/pages\/206\/revisions\/1479"}],"wp:attachment":[{"href":"https:\/\/rodrigosantosescritor.com.br\/site\/wp-json\/wp\/v2\/media?parent=206"}],"curies":[{"name":"wp","href":"https:\/\/api.w.org\/{rel}","templated":true}]}}